



{"id":1518,"date":"2025-10-01T12:34:25","date_gmt":"2025-10-01T12:34:25","guid":{"rendered":"https:\/\/www.ersthelfersymposium.ch\/new\/?page_id=1518"},"modified":"2025-11-07T15:25:16","modified_gmt":"2025-11-07T15:25:16","slug":"empreinte","status":"publish","type":"page","link":"https:\/\/ersthelfersymposium.ch\/?page_id=1518&lang=fr","title":{"rendered":"Mentions l\u00e9gales \/ Confidentialit\u00e9"},"content":{"rendered":"\n<h2 class=\"wp-block-heading\">Organisateur du Symposium des premiers secours<\/h2>\n\n\n\n<p><strong>IVF HARTMANN&nbsp;AG<\/strong><br>Victor-von-Bruns-Strasse 28<br>BP 634<br>8212 Neuhausen<br>Suisse<br><br>E-Mail :&nbsp;<a href=\"mailto:info@ivf.hartmann.info\">info@ivf.hartmann.info<\/a><br>Web :&nbsp;<a href=\"https:\/\/www.ivf.hartmann.info\/\" target=\"_blank\" rel=\"noreferrer noopener\">https:\/\/www.ivf.hartmann.info<\/a><br><br><strong>SVBS \/ ASSE \/ ASSA<\/strong><br>Stefan K\u00fchnis<br>Schulstrasse 10<br>8330 Pf\u00e4ffikon ZH<br>Telefone: +41 76 576 19 20<br>E-Mail:&nbsp;<a href=\"mailto:info@svbs-asse.ch\">info@svbs-asse.ch<\/a><br>Web: <a href=\"https:\/\/www.svbs-asse.ch\">https:\/\/www.svbs-asse.ch<\/a><br><br><strong>Responsable du contenu de ce site web<\/strong><br>Stefan K\u00fchnis<br><br><strong>Pictures Symposium des Premiers Secouristes 2021\/2022<\/strong><br>\u00a9 2022 Jonas Weibel \/ Team Symposium des Premiers Secouristes<br><br><strong>Responsabilit\u00e9<\/strong><br>Nonobstant une v\u00e9rification minutieuse, la responsabilit\u00e9 de l\u2019\u00e9diteur ne saurait \u00eatre engag\u00e9e au titre du caract\u00e8re exact de la publication. L\u2019\u00e9diteur d\u00e9cline toute responsabilit\u00e9 quant \u00e0 l\u2019exactitude du contenu des publications identifi\u00e9es par un nom.<br><br><strong>Responsabilit\u00e9 concernant les liens hypertextes<\/strong><br>La responsabilit\u00e9 au titre du contenu des pages auxquelles renvoient les liens hypertextes incombe au seul fournisseur ou exploitant du site en question. Au moment de la cr\u00e9ation des liens hypertextes, les sites Internet auxquels renvoient ces liens ont fait l\u2019objet d&#8217;une v\u00e9rification quant \u00e0 d\u2019\u00e9ventuelles violations de la loi. \u00c0 la date de la cr\u00e9ation de ces liens, aucun contenu illicite n\u2019existait. Toutefois, un contr\u00f4le permanent du contenu des pages li\u00e9es ne saurait \u00eatre raisonnablement exig\u00e9 en l\u2019absence d\u2019\u00e9l\u00e9ments concrets permettant d\u2019\u00e9tablir une violation de la loi. Si de telles violations venaient \u00e0 \u00eatre port\u00e9es \u00e0 notre connaissance, les liens hypertextes seront imm\u00e9diatement supprim\u00e9s.<br><br><\/p>\n\n\n\n<h2 class=\"wp-block-heading\"><strong>D\u00e9claration de protection des donn\u00e9es<\/strong><\/h2>\n\n\n\n<p>La protection de vos donn\u00e9es personnelles est importante pour nous.<br><br><strong>Responsable<\/strong><br><strong>SVBS \/ ASSE \/ ASSA<\/strong><br>Stefan K\u00fchnis<br>Schulstrasse 10<br>8330 Pf\u00e4ffikon ZH<br>Telefone: +41 76 576 19 20<br>E-Mail:\u00a0<a href=\"mailto:info@svbs-asse.ch\">info@svbs-asse.ch<\/a><br>Web: <a href=\"https:\/\/www.svbs-asse.ch\">https:\/\/www.svbs-asse.ch<\/a><br><br><br><strong>Collecte de donn\u00e9es<\/strong><br>Notre site Internet sert uniquement \u00e0 des fins d\u2019information. Aucune donn\u00e9e personnelle n\u2019est collect\u00e9e via des formulaires ou des comptes utilisateurs.<br><br><strong>Billetterie<\/strong><br>Les donn\u00e9es relatives aux billets achet\u00e9s sont g\u00e9r\u00e9es par notre partenaire eventfrog. Pour toute question concernant les donn\u00e9es relatives \u00e0 votre billet personnel, veuillez vous r\u00e9f\u00e9rer directement \u00e0 <a href=\"https:\/\/www.eventfrog.ch\" target=\"_blank\" rel=\"noreferrer noopener\">https:\/\/www.eventfrog.ch<\/a> et \u00e0 leur politique de confidentialit\u00e9.<br><br><strong>Cookies<\/strong><br>Ce site utilise uniquement des cookies techniques n\u00e9cessaires au fonctionnement du site.<br><br><strong>H\u00e9bergement<\/strong><br>Le site est h\u00e9berg\u00e9 par [nom de l\u2019h\u00e9bergeur]. Dans ce cadre, certaines donn\u00e9es techniques (par ex. adresse IP, heure d\u2019acc\u00e8s, type de navigateur) peuvent \u00eatre enregistr\u00e9es automatiquement dans des fichiers journaux du serveur. Ces donn\u00e9es servent uniquement \u00e0 garantir le fonctionnement du site et ne sont pas utilis\u00e9es \u00e0 des fins de marketing.<br><br><strong>Vos droits<\/strong><br>Vous avez le droit d\u2019obtenir des informations sur vos donn\u00e9es, ainsi que de demander leur rectification ou leur suppression. Pour cela, veuillez nous contacter \u00e0 l\u2019adresse indiqu\u00e9e ci-dessus.<br><br><strong>Date<\/strong><br>Octobre 2025<\/p>\n","protected":false},"excerpt":{"rendered":"<p>Organisateur du Symposium des premiers secours IVF HARTMANN&nbsp;AGVictor-von-Bruns-Strasse 28BP 6348212 NeuhausenSuisse E-Mail :&nbsp;info@ivf.hartmann.infoWeb :&nbsp;https:\/\/www.ivf.hartmann.info SVBS \/ ASSE \/ ASSAStefan K\u00fchnisSchulstrasse 108330 Pf\u00e4ffikon ZHTelefone: +41 76 576 19 20E-Mail:&nbsp;info@svbs-asse.chWeb: https:\/\/www.svbs-asse.ch Responsable du contenu de ce site webStefan K\u00fchnis Pictures Symposium des Premiers Secouristes 2021\/2022\u00a9 2022 Jonas Weibel \/ Team Symposium des Premiers Secouristes Responsabilit\u00e9Nonobstant une v\u00e9rification [&hellip;]<\/p>\n","protected":false},"author":1,"featured_media":0,"parent":0,"menu_order":0,"comment_status":"closed","ping_status":"closed","template":"","meta":{"_acf_changed":false,"footnotes":""},"class_list":["post-1518","page","type-page","status-publish","hentry"],"acf":[],"publishpress_future_action":{"enabled":false,"date":"2026-05-07 03:08:18","action":"change-status","newStatus":"draft","terms":[],"taxonomy":"language","extraData":[]},"publishpress_future_workflow_manual_trigger":{"enabledWorkflows":[]},"_links":{"self":[{"href":"https:\/\/ersthelfersymposium.ch\/index.php?rest_route=\/wp\/v2\/pages\/1518","targetHints":{"allow":["GET"]}}],"collection":[{"href":"https:\/\/ersthelfersymposium.ch\/index.php?rest_route=\/wp\/v2\/pages"}],"about":[{"href":"https:\/\/ersthelfersymposium.ch\/index.php?rest_route=\/wp\/v2\/types\/page"}],"author":[{"embeddable":true,"href":"https:\/\/ersthelfersymposium.ch\/index.php?rest_route=\/wp\/v2\/users\/1"}],"replies":[{"embeddable":true,"href":"https:\/\/ersthelfersymposium.ch\/index.php?rest_route=%2Fwp%2Fv2%2Fcomments&post=1518"}],"version-history":[{"count":8,"href":"https:\/\/ersthelfersymposium.ch\/index.php?rest_route=\/wp\/v2\/pages\/1518\/revisions"}],"predecessor-version":[{"id":1664,"href":"https:\/\/ersthelfersymposium.ch\/index.php?rest_route=\/wp\/v2\/pages\/1518\/revisions\/1664"}],"wp:attachment":[{"href":"https:\/\/ersthelfersymposium.ch\/index.php?rest_route=%2Fwp%2Fv2%2Fmedia&parent=1518"}],"curies":[{"name":"wp","href":"https:\/\/api.w.org\/{rel}","templated":true}]}}